{"id":409,"date":"2019-09-16T22:57:51","date_gmt":"2019-09-17T01:57:51","guid":{"rendered":"http:\/\/fic.goreaysen.cl\/ficwp\/?page_id=409"},"modified":"2020-12-29T17:46:05","modified_gmt":"2020-12-29T20:46:05","slug":"iniciativas-2017","status":"publish","type":"page","link":"https:\/\/innovacion.goreaysen.cl\/ficwp\/iniciativas-2017\/","title":{"rendered":"Iniciativas 2017"},"content":{"rendered":"\n<p class=\"collapseomatic \" id=\"id69f2e69c93eae\"  tabindex=\"0\" title=\" Listado Iniciativas (Desplegar)\"    > Listado Iniciativas (Desplegar)<\/p><p id='swap-id69f2e69c93eae'  class='colomat-swap' style='display:none;'>Listado Iniciativas<\/p><div id=\"target-id69f2e69c93eae\" class=\"collapseomatic_content \">\n\n\n\n<figure class=\"wp-block-table is-style-stripes\"><table><tbody><tr><td><strong>Entidad Ejecutora<\/strong><\/td><td><strong>C\u00f3digo BIP<\/strong><\/td><td><strong>Nombre Proyecto<\/strong><\/td><td><strong>&nbsp;Monto Total&nbsp;($)&nbsp;<\/strong><\/td><td><strong>&nbsp;Aporte FIC-R ($)<\/strong><\/td><\/tr><tr><td><strong>UACH<\/strong><\/td><td>40000482<\/td><td>Red de Museos Ays\u00e9n: investigaci\u00f3n museol\u00f3gica y diagn\u00f3stico<\/td><td>&nbsp;&nbsp;&nbsp;&nbsp;&nbsp; 240.777.400<\/td><td>&nbsp;&nbsp; 187.326.000<\/td><\/tr><tr><td><strong>UNAB<\/strong><\/td><td>40000501<\/td><td>Puesta en valor de geolog\u00eda y conocimiento de Dinosaurios<\/td><td>&nbsp;&nbsp;&nbsp;&nbsp;&nbsp; 217.384.000<\/td><td>&nbsp;&nbsp; 195.645.600<\/td><\/tr><tr><td><strong>INIA<\/strong><\/td><td>40000499<\/td><td>B. Ambientales para Sphagnum en Ays\u00e9n C\u00f3digo<\/td><td>&nbsp;&nbsp;&nbsp;&nbsp;&nbsp; 259.648.624<\/td><td>&nbsp;&nbsp; 193.144.816<\/td><\/tr><tr><td><strong>INIA<\/strong><\/td><td>40000497<\/td><td>Innovaci\u00f3n pr\u00e1cticas sustentable adaptaci\u00f3n cambio clim\u00e1tico<\/td><td>&nbsp;&nbsp;&nbsp;&nbsp;&nbsp; 277.213.269<\/td><td>&nbsp;&nbsp; 193.002.641<\/td><\/tr><tr><td><strong>UAYSEN<\/strong><\/td><td>40000496<\/td><td>Bosques de Ays\u00e9n: Cambio Clim\u00e1tico y compuestos bioactivos<\/td><td>&nbsp;&nbsp;&nbsp;&nbsp;&nbsp; 165.520.000<\/td><td>&nbsp;&nbsp; 148.968.000<\/td><\/tr><tr><td><strong>CIEP<\/strong><\/td><td>40000234<\/td><td>Investigaci\u00f3n Arqueol\u00f3gica Ais\u00e9n Milenario<\/td><td>&nbsp;&nbsp;&nbsp;&nbsp;&nbsp; 115.999.780<\/td><td>&nbsp;&nbsp; 104.399.878<\/td><\/tr><tr><td><strong>CIEP<\/strong><\/td><td>40000236<\/td><td>Degradaci\u00f3n de materia org\u00e1nica en fiordos patag\u00f3nicos<\/td><td>&nbsp;&nbsp;&nbsp;&nbsp;&nbsp; 185.905.558<\/td><td>&nbsp;&nbsp; 166.100.000<\/td><\/tr><tr><td><strong>UCHILE<\/strong><\/td><td>40000493<\/td><td>Climatizaci\u00f3n Geot\u00e9rmica en una Escuela de Coyhaique<\/td><td>&nbsp;&nbsp;&nbsp;&nbsp;&nbsp; 302.900.000<\/td><td>&nbsp;&nbsp; 200.000.000<\/td><\/tr><tr><td><strong>UACH<\/strong><\/td><td>40000480<\/td><td>Recuperaci\u00f3n Biol. De Sitios Contaminados con Metales Pesados<\/td><td>&nbsp;&nbsp;&nbsp;&nbsp;&nbsp; 141.413.000<\/td><td>&nbsp;&nbsp; 111.573.000<\/td><\/tr><tr><td><strong>USACH<\/strong><\/td><td>40000483<\/td><td>Innovaci\u00f3n de producto en cer\u00e1mica de Pto. Ib\u00e1\u00f1ez<\/td><td>&nbsp;&nbsp;&nbsp;&nbsp;&nbsp;&nbsp;&nbsp; 23.159.120<\/td><td>&nbsp;&nbsp;&nbsp;&nbsp; 17.359.120<\/td><\/tr><tr><td><strong>UAYSEN<\/strong><\/td><td>40000494<\/td><td>Zonificaci\u00f3n Agroclim\u00e1tica Din\u00e1mica<\/td><td>&nbsp;&nbsp;&nbsp;&nbsp;&nbsp; 232.520.659<\/td><td>&nbsp;&nbsp; 180.859.000<\/td><\/tr><tr><td><strong>UMAG<\/strong><\/td><td>40000490<\/td><td>Innovaci\u00f3n Social Escuela Taller Cocreativa<\/td><td>&nbsp;&nbsp;&nbsp;&nbsp;&nbsp; 172.091.784<\/td><td>&nbsp;&nbsp; 154.691.784<\/td><\/tr><tr><td><strong>UMAG<\/strong><\/td><td>40000489<\/td><td>Rutas interactivas e inclusivas en Jeinimeni<\/td><td>&nbsp;&nbsp;&nbsp;&nbsp;&nbsp; 121.282.655<\/td><td>&nbsp;&nbsp; 104.904.506<\/td><\/tr><tr><td><strong>UMAG<\/strong><\/td><td>40000522<\/td><td>Sistema Regional de Informaci\u00f3n y Seguimiento de Proyectos<\/td><td>&nbsp;&nbsp;&nbsp;&nbsp;&nbsp; 109.200.000<\/td><td>&nbsp;&nbsp;&nbsp;&nbsp; 98.200.000<\/td><\/tr><tr><td><strong>UMAG<\/strong><\/td><td>40000521<\/td><td>Prototipo de Laboratorio Abierto de Ciencias Subant\u00e1rticas<\/td><td>&nbsp;&nbsp;&nbsp;&nbsp;&nbsp; 145.482.000<\/td><td>&nbsp;&nbsp; 123.690.000<\/td><\/tr><\/tbody><\/table><\/figure>\n\n\n\n<\/div>\n\n\n\n<p class=\"collapseomatic \" id=\"id69f2e69c93f48\"  tabindex=\"0\" title=\"Acuerdo Core (Desplegar)\"    >Acuerdo Core (Desplegar)<\/p><p id='swap-id69f2e69c93f48'  class='colomat-swap' style='display:none;'>Acuerdo Core<\/p><div id=\"target-id69f2e69c93f48\" class=\"collapseomatic_content \">\n\n\n\n<div class=\"wp-block-algori-pdf-viewer-block-algori-pdf-viewer\"><iframe class=\"wp-block-algori-pdf-viewer-block-algori-pdf-viewer-iframe\" src=\"https:\/\/innovacion.goreaysen.cl\/ficwp\/wp-content\/plugins\/algori-pdf-viewer\/dist\/web\/viewer.html?file=https%3A%2F%2Finnovacion.goreaysen.cl%2Fficwp%2Fwp-content%2Fuploads%2F2020%2F09%2Facuer4759.pdf\" style=\"width:1200px;height:700px\"><\/iframe><\/div>\n\n\n\n<\/div>\n\n\n\n<p class=\"collapseomatic \" id=\"id69f2e69c93fc2\"  tabindex=\"0\" title=\" Fichas Res\u00famenes 2017 (Desplegar)\"    > Fichas Res\u00famenes 2017 (Desplegar)<\/p><p id='swap-id69f2e69c93fc2'  class='colomat-swap' style='display:none;'>Fichas Res\u00famenes 2017<\/p><div id=\"target-id69f2e69c93fc2\" class=\"collapseomatic_content \">\n\n\n\n<div class=\"wp-block-themeisle-blocks-advanced-columns has-2-columns has-desktop-equal-layout has-tablet-equal-layout has-mobile-collapsedRows-layout has-default-gap has-vertical-unset ticss-504b917b\" id=\"wp-block-themeisle-blocks-advanced-columns-65696490\"><div class=\"wp-block-themeisle-blocks-advanced-columns-overlay\"><\/div><div class=\"innerblocks-wrap\">\n<div class=\"wp-block-themeisle-blocks-advanced-column\" id=\"wp-block-themeisle-blocks-advanced-column-e587e6f5\">\n<figure class=\"wp-block-video\"><video controls src=\"https:\/\/innovacion.goreaysen.cl\/ficwp\/wp-content\/uploads\/2019\/09\/1-AisenMilenario_FIC.mp4\"><\/video><figcaption><strong>AYS\u00c9N MILENARIO_ ACCIONES PARA INVESTIGAR, PROTEGER Y DIFUNDIR NUESTRO PATRIMONIO ARQUEOL\u00d3GICO<\/strong><\/figcaption><\/figure>\n\n\n\n<p align=\"center\"><b>Ficha del proyecto<\/b><br><a href=\"https:\/\/innovacion.goreaysen.cl\/ficwp\/wp-content\/uploads\/2019\/10\/Aysen-Milenario.pdf\"><img decoding=\"async\" src=\"https:\/\/innovacion.goreaysen.cl\/ficwp\/wp-content\/uploads\/2019\/06\/pdf_ico.png\" border=\"0\"><\/a> <\/p>\n\n\n\n<p><\/p>\n<\/div>\n\n\n\n<div class=\"wp-block-themeisle-blocks-advanced-column\" id=\"wp-block-themeisle-blocks-advanced-column-8f31bb9b\">\n<p align='justify'><br><\/br><b>C\u00f3digo BIP: 40000234<\/b><\/br>\n<b>Monto solicitado al FIC ($): <\/b>104.399.878<\/br>\n<b>Ejecutante: <\/b> Centro de Investigaci\u00f3n en Ecosistemas de la Patagonia<\/br>\n<b>Objetivo: <\/b> Investigar diversos sitios arqueol\u00f3gicos en la Regi\u00f3n de Ays\u00e9n para su protecci\u00f3n y difusi\u00f3n en la comunidad a fin de  contribuir a la puesta en valor del patrimonio arqueol\u00f3gico regional<\/br>\n<b>M\u00e9rito Innovador: <\/b> Acciones de investigaci\u00f3n arqueol\u00f3gica para anticiparse al desarrollo de obras y empresas de alto impacto, coordinando a las instituciones que tienen funciones en el tema patrimonial<\/br>\n<b>Plazo de ejecuci\u00f3n: <\/b> 27 meses<\/br>\n<b>Estado: <\/b> En ejecuci\u00f3n<\/br><\/p>\n\n\n\n<p><\/p>\n<\/div>\n<\/div><\/div>\n\n\n\n<hr style=\"background-color:red; height: 3px;\">\n\n\n\n<div class=\"wp-block-themeisle-blocks-advanced-columns has-2-columns has-desktop-equal-layout has-tablet-equal-layout has-mobile-collapsedRows-layout has-default-gap has-vertical-unset\" id=\"wp-block-themeisle-blocks-advanced-columns-15ba894b\"><div class=\"wp-block-themeisle-blocks-advanced-columns-overlay\"><\/div><div class=\"innerblocks-wrap\">\n<div class=\"wp-block-themeisle-blocks-advanced-column\" id=\"wp-block-themeisle-blocks-advanced-column-42d437ff\">\n<figure class=\"wp-block-video\"><video controls src=\"https:\/\/innovacion.goreaysen.cl\/ficwp\/wp-content\/uploads\/2019\/09\/3-Video-ponpon.mp4\"><\/video><figcaption><strong>BASES AMBIENTALES Y PRODUCTIVAS PARA LA CONSERVACI\u00d3N Y USO SUSTENTABLE DEL MUSGO SPHAGNUM EN LA REGI\u00d3N DE AYS\u00c9N<\/strong><\/figcaption><\/figure>\n\n\n\n<p align=\"center\"><b>Ficha del proyecto<\/b><br><a href=\"https:\/\/innovacion.goreaysen.cl\/ficwp\/wp-content\/uploads\/2019\/10\/Ambientales-Sphagnum.pdf\"><img decoding=\"async\" src=\"https:\/\/innovacion.goreaysen.cl\/ficwp\/wp-content\/uploads\/2019\/06\/pdf_ico.png\" border=\"0\"><\/a> <\/p>\n<\/div>\n\n\n\n<div class=\"wp-block-themeisle-blocks-advanced-column\" id=\"wp-block-themeisle-blocks-advanced-column-7463ac13\">\n<p align='justify'><br><\/br><b>C\u00f3digo BIP: 40000499<\/b><\/br>\n<b>Monto solicitado al FIC ($): <\/b>193144816<\/br>\n<b>Ejecutante: <\/b> Instituto Nacional de Investigaciones Agropecuarias<\/br>\n<b>Objetivo: <\/b> Establecer las bases ambientales para la conservaci\u00f3n y manejo sustentable del musgo Sphagnum en la Regi\u00f3n de Ays\u00e9n<\/br>\n<b>M\u00e9rito Innovador: <\/b> Primera l\u00ednea base de este musgo en la Regi\u00f3n y trabajo multidisciplinario entre instituciones p\u00fablicas, privadas, academia y organizaciones.<\/br>\n<b>Plazo de ejecuci\u00f3n: <\/b> 36 meses<\/br>\n<b>Estado: <\/b> En ejecuci\u00f3n<\/br><\/p>\n\n\n\n<p><\/p>\n<\/div>\n<\/div><\/div>\n\n\n\n<hr style=\"background-color:red; height: 3px;\">\n\n\n\n<div class=\"wp-block-themeisle-blocks-advanced-columns has-2-columns has-desktop-equal-layout has-tablet-equal-layout has-mobile-collapsedRows-layout has-default-gap has-vertical-unset ticss-9c8642a7\" id=\"wp-block-themeisle-blocks-advanced-columns-1909b706\"><div class=\"wp-block-themeisle-blocks-advanced-columns-overlay\"><\/div><div class=\"innerblocks-wrap\">\n<div class=\"wp-block-themeisle-blocks-advanced-column\" id=\"wp-block-themeisle-blocks-advanced-column-57fab6a4\">\n<figure class=\"wp-block-video\"><video controls src=\"https:\/\/innovacion.goreaysen.cl\/ficwp\/wp-content\/uploads\/2019\/07\/13-biorremediadores-Relave.mp4\"><\/video><figcaption><strong>RECUPERACI\u00d3N BIOL\u00d3GICA DE SITIOS CONTAMINADOS CON METALES PESADOS<\/strong><\/figcaption><\/figure>\n\n\n\n<p align=\"center\"><b>Ficha del proyecto<\/b><br><a href=\"https:\/\/innovacion.goreaysen.cl\/ficwp\/wp-content\/uploads\/2019\/10\/FormularioFIC2017_Rec-Biol-Sitios-contaminados.pdf\"><img decoding=\"async\" src=\"https:\/\/innovacion.goreaysen.cl\/ficwp\/wp-content\/uploads\/2019\/06\/pdf_ico.png\" border=\"0\"><\/a> <\/p>\n<\/div>\n\n\n\n<div class=\"wp-block-themeisle-blocks-advanced-column\" id=\"wp-block-themeisle-blocks-advanced-column-cd450b12\">\n<p align='justify'><br><\/br><b>C\u00f3digo BIP: 40000480<\/b><\/br>\n<b>Monto solicitado al FIC ($): <\/b>111.573.000<\/br>\n<b>Ejecutante: <\/b> Universidad Austral de Chile<\/br>\n<b>Objetivo: <\/b> Generar un protocolo agron\u00f3mico de manejo y reproducci\u00f3n de plantas fitorremediadoras el cual ser\u00e1 difundido a la comunidad, permitiendo dar a conocer esta tecnolog\u00eda de bajo costo y amistosa con el medioambiente<\/br>\n<b>M\u00e9rito Innovador: <\/b> Hacer frente a los contaminantes ambientales provenientes de sitios contaminados con metales pesados, aplicando una tecnolog\u00eda utilizada en otras partes del mundo y utilizando nuestra flora nativa<\/br>\n<b>Plazo de ejecuci\u00f3n: <\/b> 25 meses<\/br>\n<b>Estado: <\/b> En ejecuci\u00f3n<\/br><\/p>\n\n\n\n<p><\/p>\n<\/div>\n<\/div><\/div>\n\n\n\n<hr style=\"background-color:red; height: 3px;\">\n\n\n\n<div class=\"wp-block-themeisle-blocks-advanced-columns has-2-columns has-desktop-equal-layout has-tablet-equal-layout has-mobile-collapsedRows-layout has-default-gap has-vertical-unset\" id=\"wp-block-themeisle-blocks-advanced-columns-a421a75d\"><div class=\"wp-block-themeisle-blocks-advanced-columns-overlay\"><\/div><div class=\"innerblocks-wrap\">\n<div class=\"wp-block-themeisle-blocks-advanced-column\" id=\"wp-block-themeisle-blocks-advanced-column-b359e5cd\">\n<figure class=\"wp-block-video\"><video controls src=\"https:\/\/innovacion.goreaysen.cl\/ficwp\/wp-content\/uploads\/2019\/10\/5-bosques-bioactivos.mp4\"><\/video><figcaption><strong>BOSQUE DE AYS\u00c9N CAMBIO CLIM\u00c1TICO Y COMPUESTOS BIOACTIVOS<\/strong><\/figcaption><\/figure>\n\n\n\n<p align=\"center\"><b>Ficha del proyecto<\/b><br><a href=\"https:\/\/innovacion.goreaysen.cl\/ficwp\/wp-content\/uploads\/2019\/10\/Formulario_FIC_2017_BosquesAysen-Cambio-Climatico.pdf\"><img decoding=\"async\" src=\"https:\/\/innovacion.goreaysen.cl\/ficwp\/wp-content\/uploads\/2019\/06\/pdf_ico.png\" border=\"0\"><\/a> <\/p>\n<\/div>\n\n\n\n<div class=\"wp-block-themeisle-blocks-advanced-column\" id=\"wp-block-themeisle-blocks-advanced-column-ae2a3469\">\n<p align='justify'><br><\/br><b>C\u00f3digo BIP: 40000496<\/b><\/br>\n<b>Monto solicitado al FIC ($): <\/b>148.968.000<\/br>\n<b>Ejecutante: <\/b> Universidad de Ays\u00e9n<\/br>\n<b>Objetivo: <\/b> Extraer e identificar los principales metabolitos secundarios de algunas especies representativas de los bosques nativos de la regi\u00f3n de Ays\u00e9n.<\/br>\n<b>M\u00e9rito Innovador: <\/b> Conocer, a nivel molecular, como el bosque nativo se enfrenta a las nuevas condiciones del cambio clim\u00e1tico, por el creciente inter\u00e9s en la b\u00fasqueda de aditivos naturales para alimentos funcionales, que generen valor agregado a productos de la regi\u00f3n y por la necesidad productos naturales para la industria farmac\u00e9utica y nutrac\u00e9utica<\/br>\n<b>Plazo de ejecuci\u00f3n: <\/b> 30 meses<\/br>\n<b>Estado: <\/b> En ejecuci\u00f3n<\/br><\/p>\n\n\n\n<p><\/p>\n<\/div>\n<\/div><\/div>\n\n\n\n<hr style=\"background-color:red; height: 3px;\">\n\n\n\n<div class=\"wp-block-themeisle-blocks-advanced-columns has-2-columns has-desktop-equal-layout has-tablet-equal-layout has-mobile-collapsedRows-layout has-default-gap has-vertical-unset\" id=\"wp-block-themeisle-blocks-advanced-columns-10f06f75\"><div class=\"wp-block-themeisle-blocks-advanced-columns-overlay\"><\/div><div class=\"innerblocks-wrap\">\n<div class=\"wp-block-themeisle-blocks-advanced-column\" id=\"wp-block-themeisle-blocks-advanced-column-e7b87602\">\n<figure class=\"wp-block-video\"><video controls src=\"https:\/\/innovacion.goreaysen.cl\/ficwp\/wp-content\/uploads\/2019\/10\/7-FIC-Aysen-2017-Geotermia_CEGA_UChile.mp4\"><\/video><figcaption><strong>CLIMATIZACI\u00d3N GEOT\u00c9RMICA EN UNA ESCUELA DE COYHAIQUE<\/strong><\/figcaption><\/figure>\n\n\n\n<p align=\"center\"><b>Ficha del proyecto<\/b><br><a href=\"https:\/\/innovacion.goreaysen.cl\/ficwp\/wp-content\/uploads\/2019\/10\/FormularioConcursoFIC2017-Aysen-Geotermia.pdf\"><img decoding=\"async\" src=\"https:\/\/innovacion.goreaysen.cl\/ficwp\/wp-content\/uploads\/2019\/06\/pdf_ico.png\" border=\"0\"><\/a> <\/p>\n\n\n\n<p><\/p>\n<\/div>\n\n\n\n<div class=\"wp-block-themeisle-blocks-advanced-column\" id=\"wp-block-themeisle-blocks-advanced-column-e2a10c30\">\n<p align='justify'><br><\/br><b>C\u00f3digo BIP: 4000493<\/b><\/br>\n<b>Monto solicitado al FIC ($): <\/b>200.000.000<\/br>\n<b>Ejecutante: <\/b> Centro de Excelencia en Geotermia de los Andes (CEGA), Facultad de Ciencias F\u00edsicas y Matem\u00e1ticas (FCFM), Universidad de Chile (UCH)<\/br>\n<b>Objetivo: <\/b> Implementar un sistema de climatizaci\u00f3n con bomba de calor geot\u00e9rmica a gran escala en un establecimiento educacional de la ciudad de Coyhaique para proyectarlo a los centros urbanos de la regi\u00f3n<\/br>\n<b>M\u00e9rito Innovador: <\/b> Contempla un periodo de transferencia de la tecnolog\u00eda a los usuarios y comunidad escolar donde se acompa\u00f1ar\u00e1 en el proceso de adaptaci\u00f3n al nuevo sistema de calefacci\u00f3n a las personas encargadas de mantener y operar los equipos para evitar posibles fallas o problemas de operaci\u00f3n; y se proyectar\u00e1n las posibles aplicaciones de esta tecnolog\u00eda a gran escala en edificios de similares caracter\u00edsticas o con prop\u00f3sitos de climatizaci\u00f3n distrital en los distintos centros urbanos de la regi\u00f3n de Ays\u00e9n<\/br>\n<b>Plazo de ejecuci\u00f3n: <\/b> 30 meses<\/br>\n<b>Estado: <\/b> En ejecuci\u00f3n<\/br><\/p>\n\n\n\n<p><\/p>\n<\/div>\n<\/div><\/div>\n\n\n\n<hr style=\"background-color:red; height: 3px;\">\n\n\n\n<div class=\"wp-block-themeisle-blocks-advanced-columns has-2-columns has-desktop-equal-layout has-tablet-equal-layout has-mobile-collapsedRows-layout has-default-gap has-vertical-unset\" id=\"wp-block-themeisle-blocks-advanced-columns-4864202f\"><div class=\"wp-block-themeisle-blocks-advanced-columns-overlay\"><\/div><div class=\"innerblocks-wrap\">\n<div class=\"wp-block-themeisle-blocks-advanced-column\" id=\"wp-block-themeisle-blocks-advanced-column-9218b184\">\n<figure class=\"wp-block-video\"><video controls src=\"https:\/\/innovacion.goreaysen.cl\/ficwp\/wp-content\/uploads\/2019\/10\/PROTOTIPO-DE-LABORATORIO-ABIERTO-DE-CIENCIAS-SUBANTARTICAS.mp4\"><\/video><figcaption><strong>PROTOTIPO DE LABORATORIO ABIERTO DE CIENCIAS SUBANT\u00c1RTICAS (LABORATORIO ABIERTO DE EXPLORACIONES MULTIDISCIPLINARIAS DE AYS\u00c9N, LAEMA)<\/strong><\/figcaption><\/figure>\n\n\n\n<p align=\"center\"><b>Ficha del proyecto<\/b><br><a href=\"https:\/\/innovacion.goreaysen.cl\/ficwp\/wp-content\/uploads\/2019\/10\/Formulario-FIC-2017-LAEMA-2.pdf\"><img decoding=\"async\" src=\"https:\/\/innovacion.goreaysen.cl\/ficwp\/wp-content\/uploads\/2019\/06\/pdf_ico.png\" border=\"0\"><\/a> <\/p>\n\n\n\n<p><\/p>\n<\/div>\n\n\n\n<div class=\"wp-block-themeisle-blocks-advanced-column\" id=\"wp-block-themeisle-blocks-advanced-column-a714c931\">\n<p align='justify'><br><\/br><b>C\u00f3digo BIP: 40000521<\/b><\/br>\n<b>Monto solicitado al FIC ($): <\/b>123.690.000<\/br>\n<b>Ejecutante: <\/b> Universidad de Magallanes<\/br>\n<b>Objetivo: <\/b>  Promover la investigaci\u00f3n cient\u00edfica sobre los recursos naturales de Ays\u00e9n mediante el aprendizaje activo y la interacci\u00f3n sin\u00e9rgica entre cient\u00edficos y el p\u00fablico no especializado<\/br>\n<b>M\u00e9rito Innovador: <\/b> Plantea la investigaci\u00f3n en materia de biodiversidad en la regi\u00f3n de Ays\u00e9n mediante un enfoque de ciencia participativa, es decir, fortaleciendo el papel de las comunidades locales en la generaci\u00f3n de conocimiento cient\u00edfico; busca recopilar datos biol\u00f3gicos (por ejemplo, ocurrencia de especies de plantas o animales) y retroalimentarlo con el conocimiento local; unifica la identidad y valor cultural del patrimonio natural existente en Ays\u00e9n, abriendo incluso un nuevo campo para el desarrollo de futuras investigaciones con enfoques multidisciplinares. Adem\u00e1s abarca la naturaleza marino-terrestre de la regi\u00f3n de Ays\u00e9n, incorporando en las campa\u00f1as de terreno a la zona de fiordos y canales del litoral y el uso de la navegaci\u00f3n local como herramienta clave en la conservaci\u00f3n marina.<\/br>\n<b>Plazo de ejecuci\u00f3n: <\/b> 30 meses<\/br>\n<b>Estado: <\/b> En ejecuci\u00f3n<\/br><\/p>\n\n\n\n<p><\/p>\n<\/div>\n<\/div><\/div>\n\n\n\n<hr style=\"background-color:red; height: 3px;\">\n\n\n\n<div class=\"wp-block-themeisle-blocks-advanced-columns has-2-columns has-desktop-equal-layout has-tablet-equal-layout has-mobile-collapsedRows-layout has-default-gap has-vertical-unset\" id=\"wp-block-themeisle-blocks-advanced-columns-0ff061cf\"><div class=\"wp-block-themeisle-blocks-advanced-columns-overlay\"><\/div><div class=\"innerblocks-wrap\">\n<div class=\"wp-block-themeisle-blocks-advanced-column\" id=\"wp-block-themeisle-blocks-advanced-column-3869134f\">\n<figure class=\"wp-block-video\"><video controls src=\"https:\/\/innovacion.goreaysen.cl\/ficwp\/wp-content\/uploads\/2019\/10\/SISTEMA-NACIONAL-DE-SEGUIMIENTO-DE-PROYECTOS.mp4\"><\/video><figcaption><strong>SISTEMA REGIONAL DE INFORMACI\u00d3N Y SEGUIMIENTO DE PROYECTOS<\/strong><\/figcaption><\/figure>\n\n\n\n<p align=\"center\"><b>Ficha del proyecto<\/b><br><a href=\"https:\/\/innovacion.goreaysen.cl\/ficwp\/wp-content\/uploads\/2019\/10\/Formulario-FIC-2017-GESTION.pdf\"><img decoding=\"async\" src=\"https:\/\/innovacion.goreaysen.cl\/ficwp\/wp-content\/uploads\/2019\/06\/pdf_ico.png\" border=\"0\"><\/a> <\/p>\n\n\n\n<p><\/p>\n<\/div>\n\n\n\n<div class=\"wp-block-themeisle-blocks-advanced-column\" id=\"wp-block-themeisle-blocks-advanced-column-4366b8a2\">\n<p align='justify'><br><\/br><b>C\u00f3digo BIP: 40000522<\/b><\/br>\n<b>Monto solicitado al FIC ($): <\/b>98.200.000<\/br>\n<b>Ejecutante: <\/b> Universidad de Magallanes<\/br>\n<b>Objetivo: <\/b> Contar con un prototipo de un sistema regional de informaci\u00f3n y seguimiento de proyectos innovadores que aglutine y coordine la informaci\u00f3n disponible en diferentes organismos como el gobierno regional de Ays\u00e9n, universidades, centros de investigaci\u00f3n y otros servicios p\u00fablicos.<\/br>\n<b>M\u00e9rito Innovador: <\/b> Soluci\u00f3n tecnol\u00f3gica para un sistema regional de informaci\u00f3n y seguimiento de proyectos que contendr\u00e1 de manera din\u00e1mica informaci\u00f3n que provee informaci\u00f3n vinculada a proyectos de ciencia, tecnolog\u00eda e innovaci\u00f3n en la regi\u00f3n de Ays\u00e9n de un conjunto determinado de instituciones u organismos regionales.<\/br>\n<b>Plazo de ejecuci\u00f3n: <\/b> 10 meses<\/br>\n<b>Estado: <\/b> Finalizado<\/br><\/p>\n\n\n\n<p><\/p>\n<\/div>\n<\/div><\/div>\n\n\n\n<hr style=\"background-color:red; height: 3px;\">\n\n\n\n<div class=\"wp-block-themeisle-blocks-advanced-columns has-2-columns has-desktop-equal-layout has-tablet-equal-layout has-mobile-collapsedRows-layout has-default-gap has-vertical-unset\" id=\"wp-block-themeisle-blocks-advanced-columns-9c8158d3\"><div class=\"wp-block-themeisle-blocks-advanced-columns-overlay\"><\/div><div class=\"innerblocks-wrap\">\n<div class=\"wp-block-themeisle-blocks-advanced-column\" id=\"wp-block-themeisle-blocks-advanced-column-194c75d1\">\n<figure class=\"wp-block-video\"><video controls src=\"https:\/\/innovacion.goreaysen.cl\/ficwp\/wp-content\/uploads\/2019\/10\/12-PROYECTO-UN-VIAJE-DEL-PRESENTE-AL-FUTURO-CIIS-USACH.mp4\"><\/video><figcaption><strong>INNOVACI\u00d3N EN PR\u00c1CTICAS SUSTENTABLES PARA ADAPTACI\u00d3N AL CAMBIO CLIM\u00c1TICO<\/strong><\/figcaption><\/figure>\n\n\n\n<p align=\"center\"><b>Ficha del proyecto<\/b><br><a href=\"https:\/\/innovacion.goreaysen.cl\/ficwp\/wp-content\/uploads\/2019\/10\/Proyecto-practicas-silvoagropecuarias-sustentables-para-la-adaptacion-al-cambio-climatico.pdf\"><img decoding=\"async\" src=\"https:\/\/innovacion.goreaysen.cl\/ficwp\/wp-content\/uploads\/2019\/06\/pdf_ico.png\" border=\"0\"><\/a> <\/p>\n\n\n\n<p><\/p>\n<\/div>\n\n\n\n<div class=\"wp-block-themeisle-blocks-advanced-column\" id=\"wp-block-themeisle-blocks-advanced-column-e7b3e6de\">\n<p align='justify'><br><\/br><b>C\u00f3digo BIP: 40000497<\/b><\/br>\n<b>Monto solicitado al FIC ($): <\/b>193.002.641<\/br>\n<b>Ejecutante: <\/b> Instituto Nacional de Investigaciones Agropecuarias<\/br>\n<b>Objetivo: <\/b> Aumentar la competitividad territorial, la sustentabilidad de los sistemas silvoagropecuarios de Ays\u00e9n y calidad de vida de sus habitantes, a trav\u00e9s de la innovaci\u00f3n en pr\u00e1cticas de manejo sustentable, educaci\u00f3n ambiental y gesti\u00f3n p\u00fablico-privado, que permitan su adaptaci\u00f3n al nuevo escenario de cambio clim\u00e1tico. <\/br>\n<b>M\u00e9rito Innovador: <\/b> Las pr\u00e1cticas de manejo sustentable ser\u00e1n evaluadas a nivel local, y luego ser\u00e1n introducidas y aplicadas (protocolos t\u00e9cnicos y costos regionalizados) a los actuales programas de fomento agropecuario (SIRSD-S) y forestal (Ley de Bosque Nativo) o servir\u00e1n como insumo para plantear nuevos instrumentos de fomento de aplicaci\u00f3n regional. A esto se suma una nueva forma de gesti\u00f3n p\u00fablico-privada, ya que la presente iniciativa involucra el trabajo conjunto de todos los servicios del MINAGRI, m\u00e1s otros ministerios de alta injerencia en lo ambiental como el Ministerio de Medio Ambiente. <\/br>\n<b>Plazo de ejecuci\u00f3n: <\/b> 36 meses<\/br>\n<b>Estado: <\/b> En ejecuci\u00f3n<\/br><\/p>\n\n\n\n<p><\/p>\n<\/div>\n<\/div><\/div>\n\n\n\n<hr style=\"background-color:red; height: 3px;\">\n\n\n\n<div class=\"wp-block-themeisle-blocks-advanced-columns has-2-columns has-desktop-equal-layout has-tablet-equal-layout has-mobile-collapsedRows-layout has-default-gap has-vertical-unset\" id=\"wp-block-themeisle-blocks-advanced-columns-2b9b4868\"><div class=\"wp-block-themeisle-blocks-advanced-columns-overlay\"><\/div><div class=\"innerblocks-wrap\">\n<div class=\"wp-block-themeisle-blocks-advanced-column\" id=\"wp-block-themeisle-blocks-advanced-column-8a09f66f\">\n<figure class=\"wp-block-video\"><video controls src=\"https:\/\/innovacion.goreaysen.cl\/ficwp\/wp-content\/uploads\/2019\/10\/14-Red-de-Museos-BR.mp4\"><\/video><figcaption><strong>RED DE MUSEOS AYS\u00c9N_ INVESTIGACI\u00d3N MUSEOL\u00d3GICA Y DIAGN\u00d3STICO DE COLECCIONES<\/strong><\/figcaption><\/figure>\n\n\n\n<p align=\"center\"><b>Ficha del proyecto<\/b><br><a href=\"https:\/\/innovacion.goreaysen.cl\/ficwp\/wp-content\/uploads\/2019\/10\/Formulario-FIC_-RedMuseo.pdf\"><img decoding=\"async\" src=\"https:\/\/innovacion.goreaysen.cl\/ficwp\/wp-content\/uploads\/2019\/06\/pdf_ico.png\" border=\"0\"><\/a> <\/p>\n\n\n\n<p><\/p>\n<\/div>\n\n\n\n<div class=\"wp-block-themeisle-blocks-advanced-column\" id=\"wp-block-themeisle-blocks-advanced-column-ae204898\">\n<p align='justify'><br><\/br><b>C\u00f3digo BIP: 40000482<\/b><\/br>\n<b>Monto solicitado al FIC ($): <\/b>187.326.000<\/br>\n<b>Ejecutante: <\/b> Universidad Austral de Chile<\/br>\n<b>Objetivo: <\/b> Generar una Red de museos en Ays\u00e9n, partiendo por una primera fase que comprende el completo diagn\u00f3stico de las salas museogr\u00e1ficas y otras colecciones, como red de informaci\u00f3n, base y primer paso para la creaci\u00f3n de un sistema regional de museos de calidad.<\/br>\n<b>M\u00e9rito Innovador: <\/b> Sistema de museos a nivel regional, como un producto regional, \u00fanico en Chile, que articule y organice a todos los museos y salas museogr\u00e1ficas de la Regi\u00f3n de Ays\u00e9n, independientemente de la institucionalidad que las tenga a cargo; adem\u00e1s cat\u00e1logo online biling\u00fce de las piezas ser\u00e1 \u00fanico en Chile, lo que atraer\u00e1 el inter\u00e9s de investigadores y p\u00fablico en general hispano-hablante como internacional<\/br>\n<b>Plazo de ejecuci\u00f3n: <\/b> 33 meses<\/br>\n<b>Estado: <\/b> En ejecuci\u00f3n<\/br><\/p>\n\n\n\n<p><\/p>\n<\/div>\n<\/div><\/div>\n\n\n\n<hr style=\"background-color:red; height: 3px;\">\n\n\n\n<div class=\"wp-block-themeisle-blocks-advanced-columns has-2-columns has-desktop-equal-layout has-tablet-equal-layout has-mobile-collapsedRows-layout has-default-gap has-vertical-unset\" id=\"wp-block-themeisle-blocks-advanced-columns-f07aa1a4\"><div class=\"wp-block-themeisle-blocks-advanced-columns-overlay\"><\/div><div class=\"innerblocks-wrap\">\n<div class=\"wp-block-themeisle-blocks-advanced-column\" id=\"wp-block-themeisle-blocks-advanced-column-a764165d\">\n<figure class=\"wp-block-video\"><video controls src=\"https:\/\/innovacion.goreaysen.cl\/ficwp\/wp-content\/uploads\/2019\/10\/6-FIC_ZonifDinamicaAplicada_2017_vf.mp4\"><\/video><figcaption><strong>ZONIFICACI\u00d3N AGROCLIM\u00c1TICA DIN\u00c1MICA COMO ADAPTACI\u00d3N AL CAMBIO CLIM\u00c1TICO BASADO EN MODELACI\u00d3N METEOROL\u00d3GICA Y TELEDETECCI\u00d3N<\/strong><\/figcaption><\/figure>\n\n\n\n<p align=\"center\"><b>Ficha del proyecto<\/b><br><a href=\"https:\/\/innovacion.goreaysen.cl\/ficwp\/wp-content\/uploads\/2019\/10\/FormularioConcursoFIC2017-Zonificacion-Agroclimatica.pdf\"><img decoding=\"async\" src=\"https:\/\/innovacion.goreaysen.cl\/ficwp\/wp-content\/uploads\/2019\/06\/pdf_ico.png\" border=\"0\"><\/a> <\/p>\n\n\n\n<p><\/p>\n<\/div>\n\n\n\n<div class=\"wp-block-themeisle-blocks-advanced-column\" id=\"wp-block-themeisle-blocks-advanced-column-f4a5ac18\">\n<p align='justify'><br><\/br><b>C\u00f3digo BIP: 40000494<\/b><\/br>\n<b>Monto solicitado al FIC ($): <\/b>199.256.000<\/br>\n<b>Ejecutante: <\/b> Universidad de Ays\u00e9n<\/br>\n<b>Objetivo: <\/b> Desarrollar una zonificaci\u00f3n agroclim\u00e1tica din\u00e1mica basada en im\u00e1genes satelitales, pron\u00f3stico meteorol\u00f3gico y estaciones in situ que permitir\u00e1n determinar la variaci\u00f3n espacial y temporal de las zonas agroproductivas de la regi\u00f3n de Ays\u00e9n como respuesta a los efectos de la variabilidad clim\u00e1tica en la agricultura<\/br>\n<b>M\u00e9rito Innovador: <\/b> Por primera vez, un pron\u00f3stico meteorol\u00f3gico adaptado a la regi\u00f3n de Ays\u00e9n, utilizando la red meteorol\u00f3gica actual y propuesta en este proyecto, as\u00ed como el monitoreo satelital ambiental y caracterizar diversas zonas agroproductivas con un detalle espacial similar a 5 cm por cada pixel en una longitud de 40 km.<\/br>\n<b>Plazo de ejecuci\u00f3n: <\/b> 24 meses<\/br>\n<b>Estado: <\/b> En ejecuci\u00f3n<\/br><\/p>\n\n\n\n<p><\/p>\n<\/div>\n<\/div><\/div>\n\n\n\n<hr style=\"background-color:red; height: 3px;\">\n\n\n\n<div class=\"wp-block-themeisle-blocks-advanced-columns has-2-columns has-desktop-equal-layout has-tablet-equal-layout has-mobile-collapsedRows-layout has-default-gap has-vertical-unset\" id=\"wp-block-themeisle-blocks-advanced-columns-e54ff7ac\"><div class=\"wp-block-themeisle-blocks-advanced-columns-overlay\"><\/div><div class=\"innerblocks-wrap\">\n<div class=\"wp-block-themeisle-blocks-advanced-column\" id=\"wp-block-themeisle-blocks-advanced-column-053b3f78\">\n<figure class=\"wp-block-video\"><video controls src=\"https:\/\/innovacion.goreaysen.cl\/ficwp\/wp-content\/uploads\/2019\/10\/ESCUELA-TALLER-CO-CREATIVA-SPACEMAKER.mp4\"><\/video><figcaption><strong>ESCUELA TALLER CO CREATIVA (MAKER SPACE)<\/strong><\/figcaption><\/figure>\n\n\n\n<p align=\"center\"><b>Ficha del proyecto<\/b><br><a href=\"https:\/\/innovacion.goreaysen.cl\/ficwp\/wp-content\/uploads\/2019\/10\/FormularioFIC2017-OFICIOS-Escuela-Taller-cocreativa.pdf\"><img decoding=\"async\" src=\"https:\/\/innovacion.goreaysen.cl\/ficwp\/wp-content\/uploads\/2019\/06\/pdf_ico.png\" border=\"0\"><\/a> <\/p>\n\n\n\n<p><\/p>\n<\/div>\n\n\n\n<div class=\"wp-block-themeisle-blocks-advanced-column\" id=\"wp-block-themeisle-blocks-advanced-column-c29ed6dc\">\n<p align='justify'><br><\/br><b>C\u00f3digo BIP: 40000490<\/b><\/br>\n<b>Monto solicitado al FIC ($): <\/b>154.691.784<\/br>\n<b>Ejecutante: <\/b> Universidad de Magallanes<\/br>\n<b>Objetivo: <\/b> Poner en marcha una Escuela Taller Co Creativa (Maker Space) en la ciudad de Coyhaique<\/br>\n<b>M\u00e9rito Innovador: <\/b> Conecta a las personas entre s\u00ed para apoyarse, intercambiar lecciones aprendidas y a su vez brindan herramientas para sacar adelante proyectos con impacto social. Espacio abierto y colectivo donde los integrantes comparten los recursos y herramientas disponibles, comienza a surgir una interacci\u00f3n natural que termina promoviendo la colaboraci\u00f3n abierta; espacios que fomentan nuevas ideas sin ning\u00fan tipo de juicio. <\/br>\n<b>Plazo de ejecuci\u00f3n: <\/b> 18 meses<\/br>\n<b>Estado: <\/b> En ejecuci\u00f3n<\/br><\/p>\n\n\n\n<p><\/p>\n<\/div>\n<\/div><\/div>\n\n\n\n<hr style=\"background-color:red; height: 3px;\">\n\n\n\n<div class=\"wp-block-themeisle-blocks-advanced-columns has-2-columns has-desktop-equal-layout has-tablet-equal-layout has-mobile-collapsedRows-layout has-default-gap has-vertical-unset\" id=\"wp-block-themeisle-blocks-advanced-columns-bf066c66\"><div class=\"wp-block-themeisle-blocks-advanced-columns-overlay\"><\/div><div class=\"innerblocks-wrap\">\n<div class=\"wp-block-themeisle-blocks-advanced-column\" id=\"wp-block-themeisle-blocks-advanced-column-d646c8c2\">\n<figure class=\"wp-block-video\"><video controls src=\"https:\/\/innovacion.goreaysen.cl\/ficwp\/wp-content\/uploads\/2019\/10\/9RUTAS-INTERACTIVAS-INCLUSIVAS-EN-JEINIMENI.mp4\"><\/video><figcaption><strong>RUTAS INTERACTIVAS E INCLUSIVAS EN JEINIMENI<\/strong><\/figcaption><\/figure>\n\n\n\n<p align=\"center\"><b>Ficha del proyecto<\/b><br><a href=\"https:\/\/innovacion.goreaysen.cl\/ficwp\/wp-content\/uploads\/2019\/10\/FormularioFIC2017-RUTAS-Interactivas.pdf\"><img decoding=\"async\" src=\"https:\/\/innovacion.goreaysen.cl\/ficwp\/wp-content\/uploads\/2019\/06\/pdf_ico.png\" border=\"0\"><\/a> <\/p>\n\n\n\n<p><\/p>\n<\/div>\n\n\n\n<div class=\"wp-block-themeisle-blocks-advanced-column\" id=\"wp-block-themeisle-blocks-advanced-column-8307755f\">\n<p align=\"justify\"><br><br><b>C\u00f3digo BIP: 40000489<\/b><br>\n<b>Monto solicitado al FIC ($): <\/b>104.904.506<br>\n<b>Ejecutante: <\/b> Universidad de Magallanes<br>\n<b>Objetivo: <\/b> Poner en valor el patrimonio geol\u00f3gico y los recursos naturales presente en el entorno de la Reserva Nacional Lago Jeinimeni, mediante experiencias audiovisuales interactivas e inclusivas.<br>\n<b>M\u00e9rito Innovador: <\/b> Busca generar un valor agregado desde la investigaci\u00f3n existente a trav\u00e9s del uso sustentable del recurso natural, incluyendo el levantamiento de rutas del patrimonio natural a ser visitadas y entregando informaci\u00f3n interpretada, adem\u00e1s de evaluar  la vulnerabilidad \u2013 riesgo del patrimonio natural. Implementa escenarios virtuales 360\u00b0 de las Georutas y Biorutas dise\u00f1adas mediante un software interactivo, el cual conectar\u00e1 los diferentes elementos de la naturaleza abi\u00f3tica y bi\u00f3tica y permitir\u00e1 vivir la experiencia de forma virtual del entorno de la Reserva, en espa\u00f1ol, ingl\u00e9s y lenguaje de se\u00f1as.<br>\n<b>Plazo de ejecuci\u00f3n: <\/b> 18 meses<br>\n<b>Estado: <\/b> En ejecuci\u00f3n.<br><\/p>\n\n\n\n<p><\/p>\n<\/div>\n<\/div><\/div>\n\n\n\n<hr style=\"background-color:red; height: 3px;\">\n\n\n\n<div class=\"wp-block-themeisle-blocks-advanced-columns has-2-columns has-desktop-equal-layout has-tablet-equal-layout has-mobile-collapsedRows-layout has-default-gap has-vertical-unset\" id=\"wp-block-themeisle-blocks-advanced-columns-515bf577\"><div class=\"wp-block-themeisle-blocks-advanced-columns-overlay\"><\/div><div class=\"innerblocks-wrap\">\n<div class=\"wp-block-themeisle-blocks-advanced-column\" id=\"wp-block-themeisle-blocks-advanced-column-0c4862c8\">\n<figure class=\"wp-block-video\"><video controls src=\"https:\/\/innovacion.goreaysen.cl\/ficwp\/wp-content\/uploads\/2019\/10\/15-Chilesaurio-V3.mp4\"><\/video><figcaption><strong>PUESTA EN VALOR DE GEOLOG\u00cdA Y CONOCIMIENTO DE DINOSAURIOS<\/strong><\/figcaption><\/figure>\n\n\n\n<p align=\"center\"><b>Ficha del proyecto<\/b><br><a href=\"https:\/\/innovacion.goreaysen.cl\/ficwp\/wp-content\/uploads\/2019\/10\/Puesta-en-Valor-de-Geologia.pdf\"><img decoding=\"async\" src=\"https:\/\/innovacion.goreaysen.cl\/ficwp\/wp-content\/uploads\/2019\/06\/pdf_ico.png\" border=\"0\"><\/a> <\/p>\n\n\n\n<p><\/p>\n<\/div>\n\n\n\n<div class=\"wp-block-themeisle-blocks-advanced-column\" id=\"wp-block-themeisle-blocks-advanced-column-fc2dd80a\">\n<p align='justify'><br><\/br><b>C\u00f3digo BIP: 40000501<\/b><\/br>\n<b>Monto solicitado al FIC ($): <\/b>195.645.600<\/br>\n<b>Ejecutante: <\/b> Universidad Andr\u00e9s Bello<\/br>\n<b>Objetivo: <\/b> Poner en valor la riqueza geol\u00f3gica y paleontol\u00f3gica de la Regi\u00f3n de Ays\u00e9n para el desarrollo de un polo cient\u00edfico y tur\u00edsmo<\/br>\n<b>M\u00e9rito Innovador: <\/b> Tem\u00e1tica incipientemente conocida en la regi\u00f3n de Ays\u00e9n y de poco desarrollo en el pa\u00eds; se agrega as\u00ed un grano de arena al conocimiento de c\u00f3mo era la vida y la geograf\u00eda de millones de a\u00f1os atr\u00e1s en esta parte del mundo; por primera vez se buscar\u00e1n dinosaurios en otras localidades<\/br>\n<b>Plazo de ejecuci\u00f3n: <\/b> 36 meses<\/br>\n<b>Estado: <\/b> En ejecuci\u00f3n<\/br><\/p>\n\n\n\n<p><\/p>\n<\/div>\n<\/div><\/div>\n\n\n\n<hr style=\"background-color:red; height: 3px;\">\n\n\n\n<div class=\"wp-block-themeisle-blocks-advanced-columns has-2-columns has-desktop-equal-layout has-tablet-equal-layout has-mobile-collapsedRows-layout has-default-gap has-vertical-unset\" id=\"wp-block-themeisle-blocks-advanced-columns-7fed3788\"><div class=\"wp-block-themeisle-blocks-advanced-columns-overlay\"><\/div><div class=\"innerblocks-wrap\">\n<div class=\"wp-block-themeisle-blocks-advanced-column\" id=\"wp-block-themeisle-blocks-advanced-column-1a6af3d7\">\n<figure class=\"wp-block-video\"><video controls src=\"https:\/\/innovacion.goreaysen.cl\/ficwp\/wp-content\/uploads\/2019\/10\/12-PROYECTO-UN-VIAJE-DEL-PRESENTE-AL-FUTURO-CIIS-USACH.mp4\"><\/video><figcaption><strong>UN VIAJE DEL PRESENTE AL FUTURO DE LAS ALFARERAS DE PUERTO IB\u00c1\u00d1EZ_ AGREGACI\u00d3N DE VALOR AL PRODUCTO, INNOVACI\u00d3N DE PROCESO Y FORTALECIMIENTO DE LA IDENTIDAD EN EL PAR PRODUCTO-MERCADO<\/strong><\/figcaption><\/figure>\n\n\n\n<p align=\"center\"><b>Ficha del proyecto<\/b><br><a href=\"https:\/\/innovacion.goreaysen.cl\/ficwp\/wp-content\/uploads\/2019\/10\/FIC-2017-RIO-IBANEZ-POSTULACION.pdf\"><img decoding=\"async\" src=\"https:\/\/innovacion.goreaysen.cl\/ficwp\/wp-content\/uploads\/2019\/06\/pdf_ico.png\" border=\"0\"><\/a> <\/p>\n\n\n\n<p><\/p>\n<\/div>\n\n\n\n<div class=\"wp-block-themeisle-blocks-advanced-column\" id=\"wp-block-themeisle-blocks-advanced-column-649e6413\">\n<p align='justify'><br><\/br><b>C\u00f3digo BIP: 40000483<\/b><\/br>\n<b>Monto solicitado al FIC ($): <\/b>17.359.120<\/br>\n<b>Ejecutante: <\/b> Universidad de Santiago de Chile<\/br>\n<b>Objetivo: <\/b> Transferir integralmente t\u00e9cnicas especializadas en el oficio de la cer\u00e1mica junto con la instalaci\u00f3n de competencias emprendedoras innovativas, en las artesanas de R\u00edo Ib\u00e1\u00f1ez, para agregar valor a productos (innovaci\u00f3n incremental o radical) junto con generar capacidades de replicabilidad a trav\u00e9s de la ense\u00f1anza del oficio y las buenas pr\u00e1cticas en innovaci\u00f3n de productos, acordes a los c\u00f3digos culturales de los mercados locales y globales.<\/br>\n<b>M\u00e9rito Innovador: <\/b> Aplicaci\u00f3n de una estrategia diferenciadora de productos, en base a las opciones de significados que agregan valor, en funci\u00f3n de los c\u00f3digos y tendencias culturales que determinan los patrones de consumo de los segmentos objetivo, valorando y posicionando el rol identitario y las caracter\u00edsticas de la zona, es decir, la imbricaci\u00f3n greda + cuero + simbolog\u00eda tehuelche un hacer hecho por mujeres instaladas en R\u00edo Ib\u00e1\u00f1ez.<\/br>\n<b>Plazo de ejecuci\u00f3n: <\/b> 4 meses<\/br>\n<b>Estado: <\/b> Finalizado<\/br><\/p>\n\n\n\n<p><\/p>\n<\/div>\n<\/div><\/div>\n\n\n\n<hr style=\"background-color:red; height: 3px;\">\n\n\n\n<div class=\"wp-block-themeisle-blocks-advanced-columns has-2-columns has-desktop-equal-layout has-tablet-equal-layout has-mobile-collapsedRows-layout has-default-gap has-vertical-unset\" id=\"wp-block-themeisle-blocks-advanced-columns-4d7a851c\"><div class=\"wp-block-themeisle-blocks-advanced-columns-overlay\"><\/div><div class=\"innerblocks-wrap\">\n<div class=\"wp-block-themeisle-blocks-advanced-column\" id=\"wp-block-themeisle-blocks-advanced-column-483661bc\">\n<figure class=\"wp-block-video\"><video controls src=\"https:\/\/innovacion.goreaysen.cl\/ficwp\/wp-content\/uploads\/2019\/10\/2-Presentaci\u00f3nFIC_CIEP-fiordos.mp4\"><\/video><figcaption><strong>   &nbsp;DEGRADACI\u00d3N DE MATERIA ORG\u00c1NICA EN FIORDOS PATAG\u00d3NICOS   <\/strong><\/figcaption><\/figure>\n\n\n\n<p align=\"center\"><b>Ficha del proyecto<\/b><br><a href=\"https:\/\/innovacion.goreaysen.cl\/ficwp\/wp-content\/uploads\/2019\/10\/FormularioConcursoFIC2017_Degradaci\u00f3n-de-Materia.pdf\"><img decoding=\"async\" src=\"https:\/\/innovacion.goreaysen.cl\/ficwp\/wp-content\/uploads\/2019\/06\/pdf_ico.png\" border=\"0\"><\/a> <\/p>\n\n\n\n<p><\/p>\n<\/div>\n\n\n\n<div class=\"wp-block-themeisle-blocks-advanced-column\" id=\"wp-block-themeisle-blocks-advanced-column-83967388\">\n<p align='justify'><br><\/br><b>C\u00f3digo BIP: 40000236<\/b><\/br>\n<b>Monto solicitado al FIC ($): <\/b>166.100.000<\/br>\n<b>Ejecutante: <\/b> Centro de Investigaci\u00f3n en Ecosistemas de la Patagonia<\/br>\n<b>Objetivo: <\/b> Estimar la capacidad degradativa de la materia org\u00e1nica aut\u00f3ctona (producida in situ) y al\u00f3ctona (proveniente de fuentes antropog\u00e9nicas) en aguas del canal de Puyuhuapi y proyectar su respuesta bajo futuros escenarios de cambio clim\u00e1tico<\/br>\n<b>M\u00e9rito Innovador: <\/b> El m\u00e9rito innovador de esta propuesta, tiene relaci\u00f3n con la falta de informaci\u00f3n acerca de las tasas de degradaci\u00f3n de la materia org\u00e1nica en fiordos de la Patagonia, sus cambios temporales y su respuesta a variaciones en las condiciones ambientales y al ingreso de materiales al\u00f3ctonos. Comparada con la informaci\u00f3n disponible para producci\u00f3n de materia org\u00e1nica, la capacidad degradativa de este ecosistema es pr\u00e1cticamente desconocida. <\/br>\n<b>Plazo de ejecuci\u00f3n: <\/b> 24 meses<\/br>\n<b>Estado: <\/b> En ejecuci\u00f3n<\/br><\/p>\n\n\n\n<p><\/p>\n<\/div>\n<\/div><\/div>\n\n\n\n<\/div>\n","protected":false},"excerpt":{"rendered":"","protected":false},"author":1,"featured_media":0,"parent":0,"menu_order":0,"comment_status":"closed","ping_status":"closed","template":"","meta":{"neve_meta_sidebar":"full-width","neve_meta_container":"","neve_meta_enable_content_width":"on","neve_meta_content_width":100,"neve_meta_title_alignment":"center","neve_meta_author_avatar":"","neve_post_elements_order":"","neve_meta_disable_header":"","neve_meta_disable_footer":"","neve_meta_disable_title":"","_themeisle_gutenberg_block_has_review":false,"_ti_tpc_template_sync":false,"_ti_tpc_template_id":"","footnotes":""},"class_list":["post-409","page","type-page","status-publish","hentry"],"_links":{"self":[{"href":"https:\/\/innovacion.goreaysen.cl\/ficwp\/wp-json\/wp\/v2\/pages\/409"}],"collection":[{"href":"https:\/\/innovacion.goreaysen.cl\/ficwp\/wp-json\/wp\/v2\/pages"}],"about":[{"href":"https:\/\/innovacion.goreaysen.cl\/ficwp\/wp-json\/wp\/v2\/types\/page"}],"author":[{"embeddable":true,"href":"https:\/\/innovacion.goreaysen.cl\/ficwp\/wp-json\/wp\/v2\/users\/1"}],"replies":[{"embeddable":true,"href":"https:\/\/innovacion.goreaysen.cl\/ficwp\/wp-json\/wp\/v2\/comments?post=409"}],"version-history":[{"count":75,"href":"https:\/\/innovacion.goreaysen.cl\/ficwp\/wp-json\/wp\/v2\/pages\/409\/revisions"}],"predecessor-version":[{"id":1467,"href":"https:\/\/innovacion.goreaysen.cl\/ficwp\/wp-json\/wp\/v2\/pages\/409\/revisions\/1467"}],"wp:attachment":[{"href":"https:\/\/innovacion.goreaysen.cl\/ficwp\/wp-json\/wp\/v2\/media?parent=409"}],"curies":[{"name":"wp","href":"https:\/\/api.w.org\/{rel}","templated":true}]}}